{"id":111,"date":"2025-03-01T21:40:05","date_gmt":"2025-03-01T21:40:05","guid":{"rendered":"https:\/\/svknw.de\/start\/?page_id=111"},"modified":"2025-03-02T07:53:35","modified_gmt":"2025-03-02T07:53:35","slug":"ueber-uns","status":"publish","type":"page","link":"https:\/\/svknw.de\/start\/start\/ueber-uns\/","title":{"rendered":"\u00dcber uns"},"content":{"rendered":"\t\t<div data-elementor-type=\"wp-page\" data-elementor-id=\"111\" class=\"elementor elementor-111\">\n\t\t\t\t<div class=\"elementor-element elementor-element-0e3ef68 e-flex e-con-boxed e-con e-parent\" data-id=\"0e3ef68\" data-element_type=\"container\" data-e-type=\"container\">\n\t\t\t\t\t<div class=\"e-con-inner\">\n\t\t\t\t<div class=\"elementor-element elementor-element-1bbfc92 elementor-widget elementor-widget-text-editor\" data-id=\"1bbfc92\" data-element_type=\"widget\" data-e-type=\"widget\" data-widget_type=\"text-editor.default\">\n\t\t\t\t<div class=\"elementor-widget-container\">\n\t\t\t\t\t\t\t\t\t<p><strong>\u00dcber uns<\/strong><\/p><p>Kreativ. Nachdenklich. Laut. Traditionell. Provokant.<br \/>Unkonventionell. Heimatverbunden. Inspirierend.<br \/>Man k\u00f6nnte die Liste ewig weiter f\u00fchren. Denn die Kultur in Neustadt ist insbesondere eines \u2013 vielf\u00e4ltig. Genauso vielf\u00e4ltig, wie die vielen Vereine, die sie schaffen und pr\u00e4gen. Und wie die Menschen dahinter. Menschen, die mit viel Engagement und Begeisterung daran arbeiten, das kulturelle Gesicht unserer Stadt zu bereichern. Heute und in Zukunft.<br \/>Als Stadtverband f\u00fcr Kultur sind wir Zusammenschluss und Sprachrohr aller kulturschaffenden Vereine in Neustadt. Und gerade f\u00fcr kleinere Vereine, die nicht \u00fcber eine riesige Reichweite oder ein gro\u00dfes Budget verf\u00fcgen sind wir \u2013 und diese Website \u2013 eine wichtige Verbindung hin zu den Menschen in Neustadt. Denn damit unsere Stadt auch in Zukunft offen, lebendig und lebenswert bleibt, braucht sie eines ganz besonders: Kultur.<\/p><p>Der Stadtverband f\u00fcr Kultur der Stadt Neustadt e.V.<br \/>ist der Zusammenschluss der kulturtreibenden Vereine der Stadt Neustadt. Der Verein verfolgt das Ziel, Kunst und Kultur in Neustadt an der Weinstra\u00dfe mehr Geltung zu verschaffen und ihre Entwicklung zu pflegen und zu f\u00f6rdern.<\/p><p>Der Verein nimmt insbesondere folgende Aufgaben wahr:<\/p><ul><li>F\u00f6rderung der kulturtreibenden Vereine<\/li><li>Koordinierung der Zusammenarbeit der kulturtreibenden Vereine und einzelner Personen<\/li><li>B\u00fcndelung kultureller Aktivit\u00e4ten und ihre Darstellung in der \u00d6ffentlichkeit<\/li><li>Planung und Durchf\u00fchrung eigener kultureller Veranstaltungen<\/li><li>Aktivierung der \u00d6ffentlichkeit und Werbung f\u00fcr die Kulturarbeit<\/li><li>Wahrnehmung der Interessen der kulturtreibenden Vereine und der Kultur<br \/>insgesamt gegen\u00fcber der Stadt Neustadt an der Weinstra\u00dfe und anderer Beh\u00f6rden und politischen Instanzen<\/li><li>Intensive Zusammenarbeit mit allen f\u00fcr die Kulturpolitik zust\u00e4ndigen Gremien der Stadt Neustadt<\/li><li>J\u00e4hrliche Verleihung eines Kulturpreises<\/li><\/ul><p>Die Organe des Vereins sind:<\/p><ul><li>die Mitgliederversammlung<\/li><li>der Vorstand<\/li><\/ul>\t\t\t\t\t\t\t\t<\/div>\n\t\t\t\t<\/div>\n\t\t\t\t\t<\/div>\n\t\t\t\t<\/div>\n\t\t<div class=\"elementor-element elementor-element-1e80c40 e-flex e-con-boxed e-con e-parent\" data-id=\"1e80c40\" data-element_type=\"container\" data-e-type=\"container\">\n\t\t\t\t\t<div class=\"e-con-inner\">\n\t\t\t\t<div class=\"elementor-element elementor-element-7bc2b70 elementor-widget elementor-widget-image-gallery\" data-id=\"7bc2b70\" data-element_type=\"widget\" data-e-type=\"widget\" data-widget_type=\"image-gallery.default\">\n\t\t\t\t<div class=\"elementor-widget-container\">\n\t\t\t\t\t\t\t<div class=\"elementor-image-gallery\">\n\t\t\t<div id='gallery-2' class='gallery galleryid-111 gallery-columns-3 gallery-size-medium_large'><figure class='gallery-item'>\n\t\t\t<div class='gallery-icon landscape'>\n\t\t\t\t<a data-elementor-open-lightbox=\"yes\" data-elementor-lightbox-slideshow=\"7bc2b70\" data-elementor-lightbox-title=\"Vorstand_Pascal\" data-e-action-hash=\"#elementor-action%3Aaction%3Dlightbox%26settings%3DeyJpZCI6MjM1LCJ1cmwiOiJodHRwczpcL1wvc3ZrbncuZGVcL3dwLWNvbnRlbnRcL3VwbG9hZHNcLzIwMjVcLzAzXC9Wb3JzdGFuZF9QYXNjYWwucG5nIiwic2xpZGVzaG93IjoiN2JjMmI3MCJ9\" href='https:\/\/svknw.de\/wp-content\/uploads\/2025\/03\/Vorstand_Pascal.png'><img fetchpriority=\"high\" decoding=\"async\" width=\"600\" height=\"600\" src=\"https:\/\/svknw.de\/wp-content\/uploads\/2025\/03\/Vorstand_Pascal.png\" class=\"attachment-medium_large size-medium_large\" alt=\"\" srcset=\"https:\/\/svknw.de\/wp-content\/uploads\/2025\/03\/Vorstand_Pascal.png 600w, https:\/\/svknw.de\/wp-content\/uploads\/2025\/03\/Vorstand_Pascal-300x300.png 300w, https:\/\/svknw.de\/wp-content\/uploads\/2025\/03\/Vorstand_Pascal-150x150.png 150w\" sizes=\"(max-width: 600px) 100vw, 600px\" \/><\/a>\n\t\t\t<\/div><\/figure><figure class='gallery-item'>\n\t\t\t<div class='gallery-icon landscape'>\n\t\t\t\t<a data-elementor-open-lightbox=\"yes\" data-elementor-lightbox-slideshow=\"7bc2b70\" data-elementor-lightbox-title=\"Vorstand_Roderick\" data-e-action-hash=\"#elementor-action%3Aaction%3Dlightbox%26settings%3DeyJpZCI6MjM2LCJ1cmwiOiJodHRwczpcL1wvc3ZrbncuZGVcL3dwLWNvbnRlbnRcL3VwbG9hZHNcLzIwMjVcLzAzXC9Wb3JzdGFuZF9Sb2Rlcmljay5wbmciLCJzbGlkZXNob3ciOiI3YmMyYjcwIn0%3D\" href='https:\/\/svknw.de\/wp-content\/uploads\/2025\/03\/Vorstand_Roderick.png'><img decoding=\"async\" width=\"600\" height=\"600\" src=\"https:\/\/svknw.de\/wp-content\/uploads\/2025\/03\/Vorstand_Roderick.png\" class=\"attachment-medium_large size-medium_large\" alt=\"\" srcset=\"https:\/\/svknw.de\/wp-content\/uploads\/2025\/03\/Vorstand_Roderick.png 600w, https:\/\/svknw.de\/wp-content\/uploads\/2025\/03\/Vorstand_Roderick-300x300.png 300w, https:\/\/svknw.de\/wp-content\/uploads\/2025\/03\/Vorstand_Roderick-150x150.png 150w\" sizes=\"(max-width: 600px) 100vw, 600px\" \/><\/a>\n\t\t\t<\/div><\/figure><figure class='gallery-item'>\n\t\t\t<div class='gallery-icon landscape'>\n\t\t\t\t<a data-elementor-open-lightbox=\"yes\" data-elementor-lightbox-slideshow=\"7bc2b70\" data-elementor-lightbox-title=\"Vorstand_Leni\" data-e-action-hash=\"#elementor-action%3Aaction%3Dlightbox%26settings%3DeyJpZCI6MjMzLCJ1cmwiOiJodHRwczpcL1wvc3ZrbncuZGVcL3dwLWNvbnRlbnRcL3VwbG9hZHNcLzIwMjVcLzAzXC9Wb3JzdGFuZF9MZW5pLnBuZyIsInNsaWRlc2hvdyI6IjdiYzJiNzAifQ%3D%3D\" href='https:\/\/svknw.de\/wp-content\/uploads\/2025\/03\/Vorstand_Leni.png'><img decoding=\"async\" width=\"600\" height=\"600\" src=\"https:\/\/svknw.de\/wp-content\/uploads\/2025\/03\/Vorstand_Leni.png\" class=\"attachment-medium_large size-medium_large\" alt=\"\" srcset=\"https:\/\/svknw.de\/wp-content\/uploads\/2025\/03\/Vorstand_Leni.png 600w, https:\/\/svknw.de\/wp-content\/uploads\/2025\/03\/Vorstand_Leni-300x300.png 300w, https:\/\/svknw.de\/wp-content\/uploads\/2025\/03\/Vorstand_Leni-150x150.png 150w\" sizes=\"(max-width: 600px) 100vw, 600px\" \/><\/a>\n\t\t\t<\/div><\/figure><figure class='gallery-item'>\n\t\t\t<div class='gallery-icon landscape'>\n\t\t\t\t<a data-elementor-open-lightbox=\"yes\" data-elementor-lightbox-slideshow=\"7bc2b70\" data-elementor-lightbox-title=\"Vorstand_Hubertus\" data-e-action-hash=\"#elementor-action%3Aaction%3Dlightbox%26settings%3DeyJpZCI6MjMyLCJ1cmwiOiJodHRwczpcL1wvc3ZrbncuZGVcL3dwLWNvbnRlbnRcL3VwbG9hZHNcLzIwMjVcLzAzXC9Wb3JzdGFuZF9IdWJlcnR1cy5wbmciLCJzbGlkZXNob3ciOiI3YmMyYjcwIn0%3D\" href='https:\/\/svknw.de\/wp-content\/uploads\/2025\/03\/Vorstand_Hubertus.png'><img loading=\"lazy\" decoding=\"async\" width=\"600\" height=\"600\" src=\"https:\/\/svknw.de\/wp-content\/uploads\/2025\/03\/Vorstand_Hubertus.png\" class=\"attachment-medium_large size-medium_large\" alt=\"\" srcset=\"https:\/\/svknw.de\/wp-content\/uploads\/2025\/03\/Vorstand_Hubertus.png 600w, https:\/\/svknw.de\/wp-content\/uploads\/2025\/03\/Vorstand_Hubertus-300x300.png 300w, https:\/\/svknw.de\/wp-content\/uploads\/2025\/03\/Vorstand_Hubertus-150x150.png 150w\" sizes=\"(max-width: 600px) 100vw, 600px\" \/><\/a>\n\t\t\t<\/div><\/figure><figure class='gallery-item'>\n\t\t\t<div class='gallery-icon landscape'>\n\t\t\t\t<a data-elementor-open-lightbox=\"yes\" data-elementor-lightbox-slideshow=\"7bc2b70\" data-elementor-lightbox-title=\"Vorstand_Michael\" data-e-action-hash=\"#elementor-action%3Aaction%3Dlightbox%26settings%3DeyJpZCI6MjM0LCJ1cmwiOiJodHRwczpcL1wvc3ZrbncuZGVcL3dwLWNvbnRlbnRcL3VwbG9hZHNcLzIwMjVcLzAzXC9Wb3JzdGFuZF9NaWNoYWVsLnBuZyIsInNsaWRlc2hvdyI6IjdiYzJiNzAifQ%3D%3D\" href='https:\/\/svknw.de\/wp-content\/uploads\/2025\/03\/Vorstand_Michael.png'><img loading=\"lazy\" decoding=\"async\" width=\"600\" height=\"600\" src=\"https:\/\/svknw.de\/wp-content\/uploads\/2025\/03\/Vorstand_Michael.png\" class=\"attachment-medium_large size-medium_large\" alt=\"\" srcset=\"https:\/\/svknw.de\/wp-content\/uploads\/2025\/03\/Vorstand_Michael.png 600w, https:\/\/svknw.de\/wp-content\/uploads\/2025\/03\/Vorstand_Michael-300x300.png 300w, https:\/\/svknw.de\/wp-content\/uploads\/2025\/03\/Vorstand_Michael-150x150.png 150w\" sizes=\"(max-width: 600px) 100vw, 600px\" \/><\/a>\n\t\t\t<\/div><\/figure><figure class='gallery-item'>\n\t\t\t<div class='gallery-icon landscape'>\n\t\t\t\t<a data-elementor-open-lightbox=\"yes\" data-elementor-lightbox-slideshow=\"7bc2b70\" data-elementor-lightbox-title=\"Vorstand_Viola\" data-e-action-hash=\"#elementor-action%3Aaction%3Dlightbox%26settings%3DeyJpZCI6MjM3LCJ1cmwiOiJodHRwczpcL1wvc3ZrbncuZGVcL3dwLWNvbnRlbnRcL3VwbG9hZHNcLzIwMjVcLzAzXC9Wb3JzdGFuZF9WaW9sYS5wbmciLCJzbGlkZXNob3ciOiI3YmMyYjcwIn0%3D\" href='https:\/\/svknw.de\/wp-content\/uploads\/2025\/03\/Vorstand_Viola.png'><img loading=\"lazy\" decoding=\"async\" width=\"600\" height=\"600\" src=\"https:\/\/svknw.de\/wp-content\/uploads\/2025\/03\/Vorstand_Viola.png\" class=\"attachment-medium_large size-medium_large\" alt=\"\" srcset=\"https:\/\/svknw.de\/wp-content\/uploads\/2025\/03\/Vorstand_Viola.png 600w, https:\/\/svknw.de\/wp-content\/uploads\/2025\/03\/Vorstand_Viola-300x300.png 300w, https:\/\/svknw.de\/wp-content\/uploads\/2025\/03\/Vorstand_Viola-150x150.png 150w\" sizes=\"(max-width: 600px) 100vw, 600px\" \/><\/a>\n\t\t\t<\/div><\/figure><figure class='gallery-item'>\n\t\t\t<div class='gallery-icon landscape'>\n\t\t\t\t<a data-elementor-open-lightbox=\"yes\" data-elementor-lightbox-slideshow=\"7bc2b70\" data-elementor-lightbox-title=\"Vorstand_Bernhard\" data-e-action-hash=\"#elementor-action%3Aaction%3Dlightbox%26settings%3DeyJpZCI6MjMwLCJ1cmwiOiJodHRwczpcL1wvc3ZrbncuZGVcL3dwLWNvbnRlbnRcL3VwbG9hZHNcLzIwMjVcLzAzXC9Wb3JzdGFuZF9CZXJuaGFyZC5wbmciLCJzbGlkZXNob3ciOiI3YmMyYjcwIn0%3D\" href='https:\/\/svknw.de\/wp-content\/uploads\/2025\/03\/Vorstand_Bernhard.png'><img loading=\"lazy\" decoding=\"async\" width=\"600\" height=\"600\" src=\"https:\/\/svknw.de\/wp-content\/uploads\/2025\/03\/Vorstand_Bernhard.png\" class=\"attachment-medium_large size-medium_large\" alt=\"\" srcset=\"https:\/\/svknw.de\/wp-content\/uploads\/2025\/03\/Vorstand_Bernhard.png 600w, https:\/\/svknw.de\/wp-content\/uploads\/2025\/03\/Vorstand_Bernhard-300x300.png 300w, https:\/\/svknw.de\/wp-content\/uploads\/2025\/03\/Vorstand_Bernhard-150x150.png 150w\" sizes=\"(max-width: 600px) 100vw, 600px\" \/><\/a>\n\t\t\t<\/div><\/figure><figure class='gallery-item'>\n\t\t\t<div class='gallery-icon landscape'>\n\t\t\t\t<a data-elementor-open-lightbox=\"yes\" data-elementor-lightbox-slideshow=\"7bc2b70\" data-elementor-lightbox-title=\"Vorstand_Hansj\u00fcrgen\" data-e-action-hash=\"#elementor-action%3Aaction%3Dlightbox%26settings%3DeyJpZCI6MjMxLCJ1cmwiOiJodHRwczpcL1wvc3ZrbncuZGVcL3dwLWNvbnRlbnRcL3VwbG9hZHNcLzIwMjVcLzAzXC9Wb3JzdGFuZF9IYW5zanVlcmdlbi5wbmciLCJzbGlkZXNob3ciOiI3YmMyYjcwIn0%3D\" href='https:\/\/svknw.de\/wp-content\/uploads\/2025\/03\/Vorstand_Hansjuergen.png'><img loading=\"lazy\" decoding=\"async\" width=\"600\" height=\"600\" src=\"https:\/\/svknw.de\/wp-content\/uploads\/2025\/03\/Vorstand_Hansjuergen.png\" class=\"attachment-medium_large size-medium_large\" alt=\"\" srcset=\"https:\/\/svknw.de\/wp-content\/uploads\/2025\/03\/Vorstand_Hansjuergen.png 600w, https:\/\/svknw.de\/wp-content\/uploads\/2025\/03\/Vorstand_Hansjuergen-300x300.png 300w, https:\/\/svknw.de\/wp-content\/uploads\/2025\/03\/Vorstand_Hansjuergen-150x150.png 150w\" sizes=\"(max-width: 600px) 100vw, 600px\" \/><\/a>\n\t\t\t<\/div><\/figure><figure class='gallery-item'>\n\t\t\t<div class='gallery-icon landscape'>\n\t\t\t\t<a data-elementor-open-lightbox=\"yes\" data-elementor-lightbox-slideshow=\"7bc2b70\" data-elementor-lightbox-title=\"Vorstand_Constantin\" data-e-action-hash=\"#elementor-action%3Aaction%3Dlightbox%26settings%3DeyJpZCI6MjM5LCJ1cmwiOiJodHRwczpcL1wvc3ZrbncuZGVcL3dwLWNvbnRlbnRcL3VwbG9hZHNcLzIwMjVcLzAzXC9Wb3JzdGFuZF9Db25zdGFudGluLnBuZyIsInNsaWRlc2hvdyI6IjdiYzJiNzAifQ%3D%3D\" href='https:\/\/svknw.de\/wp-content\/uploads\/2025\/03\/Vorstand_Constantin.png'><img loading=\"lazy\" decoding=\"async\" width=\"600\" height=\"600\" src=\"https:\/\/svknw.de\/wp-content\/uploads\/2025\/03\/Vorstand_Constantin.png\" class=\"attachment-medium_large size-medium_large\" alt=\"\" srcset=\"https:\/\/svknw.de\/wp-content\/uploads\/2025\/03\/Vorstand_Constantin.png 600w, https:\/\/svknw.de\/wp-content\/uploads\/2025\/03\/Vorstand_Constantin-300x300.png 300w, https:\/\/svknw.de\/wp-content\/uploads\/2025\/03\/Vorstand_Constantin-150x150.png 150w\" sizes=\"(max-width: 600px) 100vw, 600px\" \/><\/a>\n\t\t\t<\/div><\/figure>\n\t\t<\/div>\n\t\t<\/div>\n\t\t\t\t\t\t<\/div>\n\t\t\t\t<\/div>\n\t\t\t\t\t<\/div>\n\t\t\t\t<\/div>\n\t\t<div class=\"elementor-element elementor-element-5788320 e-flex e-con-boxed e-con e-parent\" data-id=\"5788320\" data-element_type=\"container\" data-e-type=\"container\">\n\t\t\t\t\t<div class=\"e-con-inner\">\n\t\t\t\t<div class=\"elementor-element elementor-element-d7e09fc elementor-widget elementor-widget-text-editor\" data-id=\"d7e09fc\" data-element_type=\"widget\" data-e-type=\"widget\" data-widget_type=\"text-editor.default\">\n\t\t\t\t<div class=\"elementor-widget-container\">\n\t\t\t\t\t\t\t\t\t<p><strong>Downloads<\/strong><\/p><ul><li><a href=\"https:\/\/svknw.de\/wp-content\/uploads\/2025\/03\/SVKultur_Beitrittserklaerung-2022.pdf\" target=\"_blank\" rel=\"noopener\">Beitritts-Formular<\/a> (pdf)<\/li><li><a href=\"https:\/\/svknw.de\/wp-content\/uploads\/2025\/03\/SVKultur_Satzung.pdf\" target=\"_blank\" rel=\"noopener\">Satzung<\/a> (pdf)<\/li><li><a href=\"https:\/\/svknw.de\/wp-content\/uploads\/2025\/03\/SVKultur_DSGVO_Info-2022.pdf\" target=\"_blank\" rel=\"noopener\">Hinweise zur DSGVO<\/a> (pdf)<\/li><\/ul>\t\t\t\t\t\t\t\t<\/div>\n\t\t\t\t<\/div>\n\t\t\t\t\t<\/div>\n\t\t\t\t<\/div>\n\t\t\t\t<\/div>\n\t\t","protected":false},"excerpt":{"rendered":"<p>\u00dcber uns Kreativ. Nachdenklich. Laut. Traditionell. Provokant.Unkonventionell. Heimatverbunden. Inspirierend.Man k\u00f6nnte die Liste ewig weiter f\u00fchren. Denn die Kultur in Neustadt ist insbesondere eines \u2013 vielf\u00e4ltig. Genauso vielf\u00e4ltig, wie die vielen Vereine, die sie schaffen und pr\u00e4gen. Und wie die Menschen dahinter. Menschen, die mit viel Engagement und Begeisterung daran arbeiten, das kulturelle Gesicht unserer Stadt [&hellip;]<\/p>\n","protected":false},"author":1,"featured_media":0,"parent":35,"menu_order":0,"comment_status":"closed","ping_status":"closed","template":"page-no-title","meta":{"footnotes":""},"class_list":["post-111","page","type-page","status-publish","hentry"],"aioseo_notices":[],"_links":{"self":[{"href":"https:\/\/svknw.de\/start\/wp-json\/wp\/v2\/pages\/111","targetHints":{"allow":["GET"]}}],"collection":[{"href":"https:\/\/svknw.de\/start\/wp-json\/wp\/v2\/pages"}],"about":[{"href":"https:\/\/svknw.de\/start\/wp-json\/wp\/v2\/types\/page"}],"author":[{"embeddable":true,"href":"https:\/\/svknw.de\/start\/wp-json\/wp\/v2\/users\/1"}],"replies":[{"embeddable":true,"href":"https:\/\/svknw.de\/start\/wp-json\/wp\/v2\/comments?post=111"}],"version-history":[{"count":34,"href":"https:\/\/svknw.de\/start\/wp-json\/wp\/v2\/pages\/111\/revisions"}],"predecessor-version":[{"id":249,"href":"https:\/\/svknw.de\/start\/wp-json\/wp\/v2\/pages\/111\/revisions\/249"}],"up":[{"embeddable":true,"href":"https:\/\/svknw.de\/start\/wp-json\/wp\/v2\/pages\/35"}],"wp:attachment":[{"href":"https:\/\/svknw.de\/start\/wp-json\/wp\/v2\/media?parent=111"}],"curies":[{"name":"wp","href":"https:\/\/api.w.org\/{rel}","templated":true}]}}